{"version":"1.0","provider_name":"Ortsfeuerwehr Lech","provider_url":"https:\/\/feuerwehr-lech.at\/wp","title":"26.10.2013 Atemschutzleistungspr\u00fcfung Dalaas - Ortsfeuerwehr Lech","type":"rich","width":600,"height":338,"html":"<blockquote class=\"wp-embedded-content\" data-secret=\"vSfTbfOur8\"><a href=\"https:\/\/feuerwehr-lech.at\/wp\/26-10-2013-atemschutzleistungspruefung-dalaas\/\">26.10.2013 Atemschutzleistungspr\u00fcfung Dalaas<\/a><\/blockquote><iframe sandbox=\"allow-scripts\" security=\"restricted\" src=\"https:\/\/feuerwehr-lech.at\/wp\/26-10-2013-atemschutzleistungspruefung-dalaas\/embed\/#?secret=vSfTbfOur8\" width=\"600\" height=\"338\" title=\"&#8222;26.10.2013 Atemschutzleistungspr\u00fcfung Dalaas&#8220; &#8211; Ortsfeuerwehr Lech\" data-secret=\"vSfTbfOur8\" frameborder=\"0\" marginwidth=\"0\" marginheight=\"0\" scrolling=\"no\" class=\"wp-embedded-content\"><\/iframe><script>\n\/*! This file is auto-generated *\/\n!function(d,l){\"use strict\";l.querySelector&&d.addEventListener&&\"undefined\"!=typeof URL&&(d.wp=d.wp||{},d.wp.receiveEmbedMessage||(d.wp.receiveEmbedMessage=function(e){var t=e.data;if((t||t.secret||t.message||t.value)&&!\/[^a-zA-Z0-9]\/.test(t.secret)){for(var s,r,n,a=l.querySelectorAll('iframe[data-secret=\"'+t.secret+'\"]'),o=l.querySelectorAll('blockquote[data-secret=\"'+t.secret+'\"]'),c=new RegExp(\"^https?:$\",\"i\"),i=0;i<o.length;i++)o[i].style.display=\"none\";for(i=0;i<a.length;i++)s=a[i],e.source===s.contentWindow&&(s.removeAttribute(\"style\"),\"height\"===t.message?(1e3<(r=parseInt(t.value,10))?r=1e3:~~r<200&&(r=200),s.height=r):\"link\"===t.message&&(r=new URL(s.getAttribute(\"src\")),n=new URL(t.value),c.test(n.protocol))&&n.host===r.host&&l.activeElement===s&&(d.top.location.href=t.value))}},d.addEventListener(\"message\",d.wp.receiveEmbedMessage,!1),l.addEventListener(\"DOMContentLoaded\",function(){for(var e,t,s=l.querySelectorAll(\"iframe.wp-embedded-content\"),r=0;r<s.length;r++)(t=(e=s[r]).getAttribute(\"data-secret\"))||(t=Math.random().toString(36).substring(2,12),e.src+=\"#?secret=\"+t,e.setAttribute(\"data-secret\",t)),e.contentWindow.postMessage({message:\"ready\",secret:t},\"*\")},!1)))}(window,document);\n\/\/# sourceURL=https:\/\/feuerwehr-lech.at\/wp\/wp-includes\/js\/wp-embed.min.js\n<\/script>\n","description":"Am Samstag, 26.10. durften wir nicht nur die Gr\u00fcndung der 2. Republik feiern sondern gleichzeitig unser K\u00f6nnen bei der Atemschutzleistungspr\u00fcfung zeigen. Ein Trupp in der Stufe Bronze und zwei Trupps in der Stufe Silber waren am Start und haben die Leistungspr\u00fcfung bravour\u00f6s gemeistert. Demenstsprechend wurde dann auch am Abend beim 130 j\u00e4hrigen Jubil\u00e4um der Feuerwehr &hellip; weiterlesen &rarr;","thumbnail_url":"https:\/\/feuerwehr-lech.at\/wp\/wp-content\/uploads\/2015\/01\/cropped-header-1.jpg","thumbnail_width":1260,"thumbnail_height":239}