{"version":"1.0","provider_name":"Ortsfeuerwehr Lech","provider_url":"https:\/\/feuerwehr-lech.at\/wp","title":"17.10.2013 Abschluss\u00fcbung - Ortsfeuerwehr Lech","type":"rich","width":600,"height":338,"html":"<blockquote class=\"wp-embedded-content\" data-secret=\"vXWyAwqJZl\"><a href=\"https:\/\/feuerwehr-lech.at\/wp\/17-10-2013-abschlussuebung\/\">17.10.2013 Abschluss\u00fcbung<\/a><\/blockquote><iframe sandbox=\"allow-scripts\" security=\"restricted\" src=\"https:\/\/feuerwehr-lech.at\/wp\/17-10-2013-abschlussuebung\/embed\/#?secret=vXWyAwqJZl\" width=\"600\" height=\"338\" title=\"&#8222;17.10.2013 Abschluss\u00fcbung&#8220; &#8211; Ortsfeuerwehr Lech\" data-secret=\"vXWyAwqJZl\" frameborder=\"0\" marginwidth=\"0\" marginheight=\"0\" scrolling=\"no\" class=\"wp-embedded-content\"><\/iframe><script>\n\/*! This file is auto-generated *\/\n!function(d,l){\"use strict\";l.querySelector&&d.addEventListener&&\"undefined\"!=typeof URL&&(d.wp=d.wp||{},d.wp.receiveEmbedMessage||(d.wp.receiveEmbedMessage=function(e){var t=e.data;if((t||t.secret||t.message||t.value)&&!\/[^a-zA-Z0-9]\/.test(t.secret)){for(var s,r,n,a=l.querySelectorAll('iframe[data-secret=\"'+t.secret+'\"]'),o=l.querySelectorAll('blockquote[data-secret=\"'+t.secret+'\"]'),c=new RegExp(\"^https?:$\",\"i\"),i=0;i<o.length;i++)o[i].style.display=\"none\";for(i=0;i<a.length;i++)s=a[i],e.source===s.contentWindow&&(s.removeAttribute(\"style\"),\"height\"===t.message?(1e3<(r=parseInt(t.value,10))?r=1e3:~~r<200&&(r=200),s.height=r):\"link\"===t.message&&(r=new URL(s.getAttribute(\"src\")),n=new URL(t.value),c.test(n.protocol))&&n.host===r.host&&l.activeElement===s&&(d.top.location.href=t.value))}},d.addEventListener(\"message\",d.wp.receiveEmbedMessage,!1),l.addEventListener(\"DOMContentLoaded\",function(){for(var e,t,s=l.querySelectorAll(\"iframe.wp-embedded-content\"),r=0;r<s.length;r++)(t=(e=s[r]).getAttribute(\"data-secret\"))||(t=Math.random().toString(36).substring(2,12),e.src+=\"#?secret=\"+t,e.setAttribute(\"data-secret\",t)),e.contentWindow.postMessage({message:\"ready\",secret:t},\"*\")},!1)))}(window,document);\n\/\/# sourceURL=https:\/\/feuerwehr-lech.at\/wp\/wp-includes\/js\/wp-embed.min.js\n<\/script>\n","description":"Wir bedanken uns recht herzlich bei allen Teilnehmern der Abschluss\u00fcbung, im speziellen der Feuerwehr Z\u00fcrs und den Kameraden aus Warth sowie unserem Herrscher \u00fcber den Korb. Es war ein w\u00fcrdiger Abschluss des Probensommers! Wir freuen uns auf den Gemeinsamen Ausflug und die k\u00fcnftigen gemeinsamen Proben!","thumbnail_url":"https:\/\/feuerwehr-lech.at\/wp\/wp-content\/uploads\/2015\/01\/cropped-header-1.jpg","thumbnail_width":1260,"thumbnail_height":239}